{"id":3,"date":"2020-01-24T08:00:32","date_gmt":"2020-01-24T08:00:32","guid":{"rendered":"https:\/\/aquilifer.at\/?page_id=3"},"modified":"2020-01-28T13:42:18","modified_gmt":"2020-01-28T13:42:18","slug":"privacy-policy","status":"publish","type":"page","link":"https:\/\/aquilifer.at\/index.php\/privacy-policy\/","title":{"rendered":"Datenschutzerkl\u00e4rung"},"content":{"rendered":"\n<h2 class=\"wp-block-heading\">Datenschutzerkl\u00e4rung (Information gem\u00e4\u00df Art. 13 und 14 DSGVO)<\/h2>\n\n\n\n<p>Wir, die Aquilifer GmbH (in dieser Datenschutzerkl\u00e4rung auch kurz (&#8222;AQ&#8220; oder \u201ewir\u201c genannt), sind den Prinzipien des Schutzes personenbezogener Daten und der Datenminimierung verpflichtet. Die Nutzung unseres Webauftritts sowie unsere wissenschaftliche und unternehmerische T\u00e4tigkeit sind im Regelfall mit der Verarbeitung personenbezogener Daten verbunden. Um diese Datenverarbeitungen nachvollziehbar zu machen, m\u00f6chten wir Sie in unserer Datenschutzerkl\u00e4rung dar\u00fcber informieren, wie wir personenbezogene Daten verarbeiten und welche Rechte Sie in diesem Zusammenhang haben. Sollten Sie dazu weitere Fragen haben, finden Sie nachstehend unsere Kontaktdaten.<\/p>\n\n\n\n<p><strong>I. Wer wir sind und wie Sie uns bei Fragen erreichen k\u00f6nnen:<\/strong><\/p>\n\n\n\n<p>Der Verantwortliche im Sinne der Datenschutz-Grundverordnung (DSGVO) ist die:<\/p>\n\n\n\n<p>Aquilifer GmbH<br>Bennogasse 13\/5<br>1080 Wien<br>Firmenbuchnummer:&nbsp;<em>FN 450139 w<\/em><br>E-Mail:&nbsp;<a href=\"mailto:office@aquilifer.at\">office@aquilifer.at<\/a><\/p>\n\n\n\n<p>Unseren Datenschutzbeauftragten erreichen Sie wie folgt:<\/p>\n\n\n\n<p>Datenschutzbeauftragter<br>Aquilifer GmbH<br>Bennogasse 13\/5<br>1080 Wien<br>E-Mail:\u00a0<a href=\"mailto:office@aquilifer.at\">office@aquilifer.at<\/a><\/p>\n\n\n\n<p><strong>II. Unsere Datenverarbeitungen &#8211; wozu und auf welchen Rechtsgrundlagen wir personenbezogene Daten verarbeiten:<\/strong><\/p>\n\n\n\n<p><strong>II.1.&nbsp;&nbsp;&nbsp;&nbsp;&nbsp;&nbsp;&nbsp; Allgemeines:<\/strong>&nbsp;Wir verarbeiten personenbezogene Daten unter Einhaltung der einschl\u00e4gigen Datenschutzvorschriften, insbesondere der Datenschutz-Grundverordnung (DSGVO, VO [EU] 2016\/679) und des \u00f6sterreichischen Datenschutzgesetzes (DSG). Eine Verarbeitung durch uns findet somit nur auf Basis einer Rechtsgrundlage (insbesondere gem\u00e4\u00df Art 6 Abs 1 lit a \u2013 f DSGVO) statt, die im Folgenden bei den einzelnen Datenverarbeitungen angegeben wird. Alle unsere mit der Verarbeitung betrauten MitarbeiterInnen sind verpflichtet, die Vertraulichkeit Ihrer Daten zu wahren (Datengeheimnis). AQ f\u00fchrt keine automatisierte Entscheidungsfindung durch.<\/p>\n\n\n\n<p>Grunds\u00e4tzlich erheben wir personenbezogene Daten bei der betroffenen Person. Im Einzelfall erheben und speichern wir personenbezogene Daten (insbesondere Name, Kontaktinformationen) aufgrund von Korrespondenz mit unseren Kunden und Gesch\u00e4ftspartnern oder aus \u00f6ffentlich zug\u00e4nglichen Quellen (z.B. Telefonbuch, Webauftritte, Firmenbuch) auf Grundlage von Art 6 Abs 1 lit f DSGVO (und somit nicht direkt bei der betroffenen Person), wenn dies f\u00fcr unsere Leistungserbringung bzw. zur Kontaktaufnahme und Administration notwendig ist, worin auch unser berechtigtes Interesse liegt.<\/p>\n\n\n\n<p><strong>II.2.&nbsp;&nbsp;&nbsp;&nbsp;&nbsp;&nbsp;&nbsp; Betrieb unseres Webauftritts<\/strong>:<\/p>\n\n\n\n<p>Bei jedem Zugriff auf unseren Webauftritt (www.aquilifer.at) \u00fcbermittelt Ihr Computer (Endger\u00e4t) bzw. Browser automatisiert bestimmte Informationen, um den Besuch bzw. den Betrieb der Website zu erm\u00f6glichen:<\/p>\n\n\n\n<p>\u2013 IP-Adresse<\/p>\n\n\n\n<p>\u2013 Datum und Uhrzeit der Anfrage<\/p>\n\n\n\n<p>\u2013 Zeitzonendifferenz zur Greenwich Mean Time (GMT)<\/p>\n\n\n\n<p>\u2013 Inhalt der Anforderung (abzurufende Seite\/Inhalt)<\/p>\n\n\n\n<p>\u2013 Zugriffsstatus\/HTTP(S)-Statuscode<\/p>\n\n\n\n<p>\u2013 Browser und Browserversion<\/p>\n\n\n\n<p>\u2013 Betriebssystem und dessen Oberfl\u00e4che<\/p>\n\n\n\n<p>Diese Daten werden in den Logfiles unseres Systems gespeichert. Eine Speicherung dieser Daten zusammen mit anderen personenbezogenen Daten des Nutzers findet nicht statt.<\/p>\n\n\n\n<p><em>Rechtsgrundlage und Zweck der Datenverarbeitung<\/em><\/p>\n\n\n\n<p>Rechtsgrundlage f\u00fcr die Verarbeitung der Daten und deren vor\u00fcbergehende Speicherung in Logfiles ist Art 6 Abs 1 lit f DSGVO. Die vor\u00fcbergehende Speicherung der angef\u00fchrten Daten durch das System ist notwendig, um eine Auslieferung der Website an den Rechner des Nutzers zu erm\u00f6glichen. Die Speicherung in Logfiles erfolgt, um die Funktionsf\u00e4higkeit der Website sicherzustellen. Zudem dienen uns die Daten zur Optimierung der Website und zur Sicherstellung der Sicherheit unserer informationstechnischen Systeme, insbesondere der Gew\u00e4hrleistung der Integrit\u00e4t, Vertraulichkeit und Verf\u00fcgbarkeit der Daten, die \u00fcber unseren Webauftritt verarbeitet werden. In diesen Zwecken liegt auch unser berechtigtes Interesse an der Datenverarbeitung nach Art 6 Abs 1 lit f DSGVO. Eine Speicherung dieser Daten zusammen mit anderen personenbezogenen Daten des Nutzers findet nicht statt.<\/p>\n\n\n\n<p><em>Dauer der Speicherung<\/em><\/p>\n\n\n\n<p>Die Daten werden gel\u00f6scht, sobald sie f\u00fcr die Erreichung des Zweckes ihrer Erhebung nicht mehr erforderlich sind. Bei der Erfassung der Daten zur Bereitstellung der Website ist dies dann der Fall, wenn die jeweilige Sitzung beendet ist. Bei der Speicherung der Daten in Logfiles ist dies nach sp\u00e4testens sieben Tagen der Fall, ausgenommen eine weitere Verarbeitung ist zur Aufkl\u00e4rung eines (vermuteten) Angriffs erforderlich.<\/p>\n\n\n\n<p>Personenbezogene Daten, die beim Betrieb der Website anfallen, werden von uns nur f\u00fcr den Fall eines (vermuteten) Datensicherheitsvorfalls oder einer strafbaren Handlung (z.B. eines Angriffs) zu Zwecken der Aufkl\u00e4rung, der Verfolgung sowie zur Geltendmachung von Rechtsanspr\u00fcchen an Dritte (insbesondere fachkundige Personen und Sicherheitsbeh\u00f6rden) \u00fcbermittelt.<\/p>\n\n\n\n<p><strong>Webseiten Dritter<\/strong>: Unser Webauftritt enth\u00e4lt zum Teil (z.B. in unseren Veranstaltungshinweisen) Hyperlinks zu und von Webseiten Dritter. Wenn Sie einem Hyperlink zu einer dieser Webseiten folgen, beachten Sie bitte, dass wir keine Verantwortung oder Gew\u00e4hr f\u00fcr fremde Inhalte oder Datenschutzbedingungen \u00fcbernehmen k\u00f6nnen.<\/p>\n\n\n\n<p><strong>II.3&nbsp;&nbsp;&nbsp;&nbsp;&nbsp;&nbsp;&nbsp;&nbsp;&nbsp;<\/strong><strong>Verwendung von Cookies<\/strong><\/p>\n\n\n\n<p>Unsere Webseite verwendet Cookies. Bei Cookies handelt es sich um Textdateien, die im Internetbrowser bzw. vom Internetbrowser auf dem Computersystem des Nutzers gespeichert werden. Ruft ein Nutzer eine Website auf, so kann ein Cookie auf dem System des Nutzers gespeichert werden. Dieses Cookie enth\u00e4lt eine charakteristische Zeichenfolge, die eine eindeutige Identifizierung des Browsers beim erneuten Aufrufen der Website erm\u00f6glicht. In den von uns verwendeten \u201eSession-Cookies\u201c werden lediglich die oben erl\u00e4uterten Daten \u00fcber Ihre Nutzung der Website tempor\u00e4r gespeichert. Diese speichern eine sogenannte \u201eSession-ID\u201c, mit welcher sich verschiedene Anfragen Ihres Browsers einer gemeinsamen Sitzung zuordnen lassen. Die eingesetzten Session-Cookies sind technisch erforderlich und werden gel\u00f6scht, wenn Sie den Browser schlie\u00dfen. Diese Cookies dienen nicht zur Durchf\u00fchrung von \u201eTracking\u201c oder der Herstellung eines Personenbezugs.<\/p>\n\n\n\n<p><em>Rechtsgrundlage und Zweck f\u00fcr die Datenverarbeitung<\/em><\/p>\n\n\n\n<p>Der Zweck der Verwendung technisch notwendiger Cookies ist, die Nutzung von Websites f\u00fcr die Nutzer zu vereinfachen. Einige Funktionen unserer Website k\u00f6nnen ohne den Einsatz von Cookies nicht angeboten werden. F\u00fcr diese ist es erforderlich, dass der Browser auch nach einem Seitenwechsel wiedererkannt wird.<\/p>\n\n\n\n<p>In diesem Zweck liegt auch unser berechtigtes Interesse in der Verarbeitung der personenbezogenen Daten nach Art 6 Abs 1 lit f DSGVO.<\/p>\n\n\n\n<p><em>Dauer der Speicherung, Widerspruchs- und Beseitigungsm\u00f6glichkeit<\/em><\/p>\n\n\n\n<p>Cookies werden auf dem Rechner des Nutzers gespeichert und von diesem an unserer Seite \u00fcbermittelt. Daher haben Sie als Nutzer auch die volle Kontrolle \u00fcber die Verwendung von Cookies. Durch eine \u00c4nderung der Einstellungen in Ihrem Internetbrowser k\u00f6nnen Sie die \u00dcbertragung von Cookies deaktivieren oder einschr\u00e4nken. Bereits gespeicherte Cookies k\u00f6nnen jederzeit gel\u00f6scht werden. Dies kann auch automatisiert erfolgen. Werden Cookies f\u00fcr unsere Website deaktiviert, k\u00f6nnen m\u00f6glicherweise nicht mehr alle Funktionen der Website vollumf\u00e4nglich genutzt werden.<\/p>\n\n\n\n<p><strong>II.4.&nbsp;&nbsp;&nbsp;&nbsp;&nbsp;&nbsp;&nbsp; Erbringung von Leistungen sowie Kundenbetreuung und -information in diesem Zusammenhang (Vertrieb und&nbsp;Angebot unserer Dienstleistungen sowie Verwaltung dieser Leistungen):<\/strong><\/p>\n\n\n\n<p>Wir verarbeiten personenbezogene Daten zu Zwecken der Erbringung unserer Leistungen, der Kundenbetreuung und -information einschlie\u00dflich der internen Dokumentation und Administration. Rechtsgrundlagen f\u00fcr die Verarbeitung der Daten sind die Vertragserf\u00fcllung bzw die Durchf\u00fchrung vorvertraglicher Ma\u00dfnahmen (Art 6 Abs 1 lit b DSGVO); die Erf\u00fcllung rechtlicher Verpflichtungen (Art 6 Abs 1 lit c DSGVO) sowie unsere berechtigten Interessen (Art 6 Abs 1 lit f DSGVO), insbesondere Interessen der Geltendmachung oder Verteidigung eigener Rechtsanspr\u00fcche sowie der internen Verwaltung im Unternehmen.<\/p>\n\n\n\n<p>F\u00fcr einen Vertragsabschluss ist die Bereitstellung bestimmter personenbezogener Daten gesetzlich bzw. vertraglich erforderlich, zu welcher der jeweils Betroffene verpflichtet ist; andernfalls ist kein Vertragsabschluss (und somit auch keine Leistungserbringung) m\u00f6glich.<\/p>\n\n\n\n<p><strong>II.5.&nbsp;&nbsp;&nbsp;&nbsp;&nbsp;&nbsp;&nbsp;&nbsp;Kontaktaufnahme:<\/strong><\/p>\n\n\n\n<p>Bei der Kontaktaufnahme mit uns (z.B. per Kontaktformular oder E-Mail) werden die darin gemachten Angaben des Anfragenden (Name, Kontaktdaten, sonstige Angaben) f\u00fcr die Dokumentation, Bearbeitung und Beantwortung der Anfrage verarbeitet. Wir bieten auf unserer Website ein Kontaktformular an. Die zwingend zur Beantwortung einer Anfrage erforderlichen Daten haben wir als Pflichtfelder gekennzeichnet. Die Angabe weiterer Daten ist freiwillig.<\/p>\n\n\n\n<p>Grundlage daf\u00fcr ist unser berechtigtes Interesse an der ordnungsgem\u00e4\u00dfen Dokumentation, Bearbeitung und Beantwortung der Anfrage (Art 6 Abs 1 lit f DSGVO); f\u00fcr den Fall einer Kontaktaufnahme in einem aufrechten Kundenverh\u00e4ltnis oder der Anbahnung einer Gesch\u00e4ftsbeziehung st\u00fctzen wir uns auf die Vertragserf\u00fcllung bzw. die Durchf\u00fchrung vorvertraglicher Ma\u00dfnahmen (Art 6 Abs 1 lit b DSGVO).<\/p>\n\n\n\n<p>Sofern Sie zur Erf\u00fcllung Ihrer arbeits- oder zivilrechtlichen Pflichten als Mitarbeiter (Dienstnehmer) f\u00fcr Ihren Dienstgeber bzw. sonstigen Auftraggeber mit uns Kontakt aufnehmen, liegt unsererseits auch ein berechtigtes Interesse an der ordnungsgem\u00e4\u00dfen Dokumentation, Bearbeitung und Beantwortung der Anfrage (Art 6 Abs 1 lit f DSGVO) vor, die auch Ihre Daten als externer Ansprechpartner umfasst; f\u00fcr den Fall einer Kontaktaufnahme in einem aufrechten Kundenverh\u00e4ltnis oder der Anbahnung einer Gesch\u00e4ftsbeziehung st\u00fctzen wir uns auf die Vertragserf\u00fcllung bzw. die Durchf\u00fchrung vorvertraglicher Ma\u00dfnahmen (Art 6 Abs 1 lit b DSGVO).<\/p>\n\n\n\n<p><strong>II.6.&nbsp;&nbsp;&nbsp;&nbsp;&nbsp;&nbsp;&nbsp;&nbsp;Bewerbungen:<\/strong><\/p>\n\n\n\n<p>Wir verarbeiten Daten von BewerberInnen auf Grundlage von Art 6 Abs 1 lit b DSGVO (vorvertragliche Ma\u00dfnahmen) sowie Art 6 Abs 1 lit f DSGVO zum Zweck der Durchf\u00fchrung des Bewerbungsverfahrens und der Kontaktaufnahme des Bewerbers\/der Bewerberin.<\/p>\n\n\n\n<p>Wenn Sie sich auf eine offene Stelle bewerben und es zu keiner Einstellung kommt, speichern wir die personenbezogenen Daten f\u00fcr sechs Monate ab Ende des Bewerbungsverfahrens (Frist zur Geltendmachung von Anspr\u00fcchen nach \u00a7\u00a7 15 Abs 1 und 29 GlBG) auf Grundlage von Art 6 Abs 1 lit f DSGVO. Wenn der Bewerber\/die Bewerberin im jeweiligen Einzelfall dazu einwilligt, halten wir die konkreten Bewerbungsunterlagen f\u00fcr einen weiteren Zeitraum von maximal zwei Jahren in Evidenz.<\/p>\n\n\n\n<p>Falls es sich um eine Initiativbewerbung handelt, verarbeiten wir die Bewerbungsunterlagen f\u00fcr maximal zwei Jahre auf Grundlage von Art 6 Abs 1 lit f DSGVO, um den Bewerber\/die Bewerberin bei geeigneten Stellen kontaktieren zu k\u00f6nnen, wobei gegen die Verarbeitung jederzeit formlos Widerspruch eingelegt werden kann.<\/p>\n\n\n\n<p>F\u00fcr einen Vertragsabschluss ist es jedenfalls erforderlich, dass ein Qualifikationsnachweis erbracht wird. Im Einzelfall kann es, abh\u00e4ngig von den Erfordernissen f\u00fcr eine Stellenbesetzung, auch notwendig sein, dass weitere Daten (z.B. Strafregisterauszug) vorgelegt werden. Sollten die erforderlichen Daten nicht vorgelegt werden, kann eine solche Bewerbung nicht ber\u00fccksichtigt werden. Bei einer Kontaktaufnahme durch uns mit vom Bewerber\/von der Bewerberin angegebenen Referenzen k\u00f6nnen Daten und Informationen zu einem fr\u00fcheren Dienstverh\u00e4ltnis durch entsprechende Dritten erhoben werden. Im Fall des Zustandekommens eines Dienstverh\u00e4ltnisses werden die Bewerbungsunterlagen zum Zweck der Personalverwaltung weiterverwendet.<\/p>\n\n\n\n<p><strong>II.7.&nbsp;&nbsp;&nbsp;&nbsp;&nbsp;&nbsp;&nbsp; An wen \u00fcbermitteln wir personenbezogene Daten?<\/strong><\/p>\n\n\n\n<p>Wir \u00fcbermitteln Ihre personenbezogenen Daten nur soweit dies erforderlich ist und nur in den folgenden F\u00e4llen:<\/p>\n\n\n\n<ul class=\"wp-block-list\"><li>mit Ihrer Einwilligung;<\/li><li>f\u00fcr die Abwicklung von Vertragsverh\u00e4ltnissen bzw. zur Durchf\u00fchrung vorvertraglicher Ma\u00dfnahmen;<\/li><li>soweit wir dazu gesetzlich verpflichtet sind;<\/li><li>an Unternehmen, die uns bei der Bereitstellung unserer Dienste unterst\u00fctzen; diese Diensteanbieter werden als Auftragsverarbeiter t\u00e4tig, welche die Daten nur nach unseren Weisungen (im Rahmen eines Auftragsverarbeitungsvertrags) verarbeiten d\u00fcrfen;<\/li><li>soweit dies zur Wahrung unserer berechtigten Interessen (z.B. zur Geltendmachung, Aus\u00fcbung oder Verteidigung von Rechtsanspr\u00fcchen) oder eines Dritten erforderlich ist und kein Grund zur Annahme besteht, dass Sie ein \u00fcberwiegendes schutzw\u00fcrdiges Interesse an der Nichtweitergabe Ihrer Daten haben.<\/li><\/ul>\n\n\n\n<p>In Frage kommen in den oben genannten F\u00e4llen dabei folgende Dritte: Vertrags- und Gesch\u00e4ftspartner, die an der Lieferung oder Leistung mitwirken (z.B. Logistikunternehmen), Banken (zur Abwicklung des Zahlungsverkehrs), Rechtsvertreter, Gerichte, Wirtschaftstreuh\u00e4nder\/ Steuerberater, Verwaltungsbeh\u00f6rden, Selbstverwaltungsk\u00f6rper (Sozialversicherungstr\u00e4ger), Versicherungen.<\/p>\n\n\n\n<p>Grunds\u00e4tzlich liegt keine Absicht der AQ vor, personenbezogene Daten an Empf\u00e4nger in Drittl\u00e4ndern oder internationale Organisationen zu \u00fcbermitteln. Eine solche \u00dcbermittlung ist m\u00f6glich, wenn eine betroffene Person bzw. ein im konkreten Fall Beteiligter seinen Sitz in einem Drittland hat (z.B. im Fall eines Kunden mit Hauptsitz au\u00dferhalb der EU). Wenn wir Daten in ein Land ohne angemessenen gesetzlichen Datenschutz \u00fcbermitteln, sorgen wir durch den Einsatz geeigneter Garantien in der Form entsprechender Vertr\u00e4ge (Standardvertragsklauseln) bzw. verbindlicher interner Datenschutzvorschriften (Binding Corporate Rules) f\u00fcr ein angemessenes Schutzniveau oder st\u00fctzen uns auf die in der DSGVO sonst vorgesehenen Ausnahmetatbest\u00e4nde (Einwilligung, der Vertragsabwicklung, der Feststellung, Aus\u00fcbung oder Durchsetzung von Rechtsanspr\u00fcchen, \u00fcberwiegender \u00f6ffentlicher Interessen, der ver\u00f6ffentlichten Personendaten oder weil es zum Schutz der Unversehrtheit der betroffenen Personen n\u00f6tig ist). F\u00fcr eine Kopie der erw\u00e4hnten vertraglichen Garantie kontaktieren Sie uns unter den angegeben Kontaktdaten.<\/p>\n\n\n\n<p>In diesem Zusammenhang weisen wir auch darauf hin, dass etwaige von Nutzern unserer Dienste selbst freiwillig ver\u00f6ffentlichte Daten (z.B. Online-Kommentare auf der Website) \u00f6ffentlich und potenziell weltweit zug\u00e4nglich sind.<\/p>\n\n\n\n<p><strong>III.&nbsp;Wie lange speichern wir personenbezogene Daten?<\/strong><\/p>\n\n\n\n<p>Soweit bei der jeweiligen Verarbeitung nicht N\u00e4heres angef\u00fchrt ist, speichern wir personenbezogene Daten grunds\u00e4tzlich so lange, wie es erforderlich ist, um die Erf\u00fcllung der genannten Zwecke sicherzustellen bzw. solange wir dazu gesetzlich verpflichtet sind.<\/p>\n\n\n\n<p>Das hei\u00dft bei Gesch\u00e4ftsbriefen, Vertr\u00e4gen, Buchungen etc. gem. \u00a7 212 Abs 1 UGB und \u00a7 132 Abs 1 BAO: Bis zur Beendigung der Gesch\u00e4ftsbeziehung oder bis zum Ablauf der f\u00fcr uns geltenden Verj\u00e4hrungs- und gesetzlichen Aufbewahrungsfristen (insbesondere mindestens 7 Jahre zum Nachweis der Erf\u00fcllung steuer-, abgaben- und unternehmensrechtlichen Aufbewahrungspflichten); dar\u00fcber hinaus bis zur Beendigung von allf\u00e4lligen Rechtsstreitigkeiten, bei denen die Daten als Beweis ben\u00f6tigt werden. Bei Leistungen, bei denen Forderungen aus Schadenersatz oder aus anderen Titeln geltend gemacht werden, f\u00fcr die erforderliche Dauer (zwischen 3 und 30 Jahren).<\/p>\n\n\n\n<p>Bei Anfragen (Kontaktaufnahme): Personenbezogene Daten, die Sie uns freiwillig bekannt geben, werden von uns zweckgebunden f\u00fcr die Erbringung der damit verbundenen Bearbeitung und Evidenthaltung gespeichert (bis zu 3 Jahre nach Erledigung bzw. Beendigung), ausgenommen eine l\u00e4ngere Speicherdauer ist dar\u00fcber hinaus f\u00fcr Zwecke der Erf\u00fcllung einer gesetzlichen Verpflichtung oder f\u00fcr die Geltendmachung bzw. Abwehr von Rechtsanspr\u00fcchen erforderlich.<\/p>\n\n\n\n<p><strong>IV.&nbsp;Rechte der betroffenen Person<\/strong><\/p>\n\n\n\n<p>Sofern die jeweiligen gesetzlich vorgegebenen Voraussetzungen vorliegen, k\u00f6nnen Sie die folgenden Betroffenenrechte geltend machen:<\/p>\n\n\n\n<ul class=\"wp-block-list\"><li>Recht auf Auskunft: Sie k\u00f6nnen eine Best\u00e4tigung dar\u00fcber verlangen, ob personenbezogene Daten von Ihnen verarbeitet werden und Auskunft \u00fcber diese Daten und die Informationen gem\u00e4\u00df Art 15 DSGVO verlangen.<\/li><li>Recht auf Berichtigung, wenn wir unrichtige oder unvollst\u00e4ndige Daten \u00fcber Sie verarbeiten (Art 16 DSGVO).<\/li><li>Recht auf L\u00f6schung Sie betreffender personenbezogener Daten, wenn die Voraussetzungen des Art 17 DSGVO vorliegen.<\/li><li>Recht auf Einschr\u00e4nkung der Verarbeitung Ihrer Daten (Art 18 DSGVO).<\/li><li>Recht auf Daten\u00fcbertragbarkeit Ihrer uns bereitgestellten Daten, sofern die Verarbeitung auf einer Einwilligung (Art 6 Abs 1 lit a) oder auf einem Vertrag (Art 6 Abs 1 lit b) beruht, dessen Vertragspartei Sie sind und die Verarbeitung mithilfe automatisierter Verfahren erfolgt (Art 20 DSGVO).<\/li><li>Bei Verarbeitungen, die auf Grundlage berechtigter Interessen (gem\u00e4\u00df Art 6 Abs 1 lit f DSGVO) verarbeitet werden, haben Sie das Recht, gem\u00e4\u00df Art 21 DSGVO Widerspruch gegen die Verarbeitung Ihrer personenbezogenen Daten einzulegen, soweit daf\u00fcr Gr\u00fcnde vorliegen, die sich aus Ihrer besonderen Situation ergeben. Bei Verarbeitungen zum Zweck der Direktwerbung besteht dieses Recht ohne Einschr\u00e4nkungen.<\/li><li>Sie k\u00f6nnen erteilte Einwilligungen in die Verarbeitung personenbezogener Daten jederzeit widerrufen, bitte wenden Sie sich an uns (siehe unsere Kontaktdaten). Durch den Widerruf der Einwilligung wird die Rechtm\u00e4\u00dfigkeit der aufgrund der Einwilligung bis zum Widerruf erfolgten Verarbeitung nicht ber\u00fchrt.<\/li><li>Beschwerderecht: Sie haben das Recht auf Beschwerde bei einer f\u00fcr Sie zust\u00e4ndigen Aufsichtsbeh\u00f6rde (in \u00d6sterreich: Datenschutzbeh\u00f6rde, www.dsb.gv.at) wenn Sie der Ansicht sind, dass die Verarbeitung der Sie betreffenden personenbezogenen Daten gegen die DSGVO verst\u00f6\u00dft oder Ihre Betroffenenrechte verletzt wurden. Wir ersuchen Sie, in F\u00e4llen, in denen Sie mit unserer Arbeit nicht vollst\u00e4ndig zufrieden waren, zun\u00e4chst mit uns Kontakt aufzunehmen, damit wir eine M\u00f6glichkeit erhalten, etwaige Fehler beheben zu k\u00f6nnen.<\/li><\/ul>\n\n\n\n<p><strong>\u00c4nderungen unserer Datenschutzerkl\u00e4rung<\/strong><\/p>\n\n\n\n<p>Wir halten unsere Datenschutzerkl\u00e4rung stets aktuell und passen diese daher an, wenn dies erforderlich ist. Die jeweils aktuelle Fassung unserer Datenschutzerkl\u00e4rung ist unter https:\/\/aquilifer.at\/datenschutzerklaerung abrufbar.<\/p>\n\n\n\n<p>Stand 30.8.2018<\/p>\n","protected":false},"excerpt":{"rendered":"<p>Datenschutzerkl\u00e4rung (Information gem\u00e4\u00df Art. 13 und 14 DSGVO) Wir, die Aquilifer GmbH (in dieser Datenschutzerkl\u00e4rung auch kurz (&#8222;AQ&#8220; oder \u201ewir\u201c genannt), sind den Prinzipien des Schutzes personenbezogener Daten und der Datenminimierung verpflichtet. Die Nutzung unseres Webauftritts sowie unsere wissenschaftliche und unternehmerische T\u00e4tigkeit sind im Regelfall mit der Verarbeitung personenbezogener Daten verbunden. Um diese Datenverarbeitungen nachvollziehbar [&hellip;]<\/p>\n","protected":false},"author":1,"featured_media":0,"parent":0,"menu_order":0,"comment_status":"closed","ping_status":"open","template":"","meta":{"inline_featured_image":false,"footnotes":""},"class_list":["post-3","page","type-page","status-publish","hentry","entry"],"yoast_head":"<!-- This site is optimized with the Yoast SEO plugin v25.3.1 - https:\/\/yoast.com\/wordpress\/plugins\/seo\/ -->\n<title>Datenschutzerkl\u00e4rung - Aquilifer GmbH<\/title>\n<meta name=\"robots\" content=\"index, follow, max-snippet:-1, max-image-preview:large, max-video-preview:-1\" \/>\n<link rel=\"canonical\" href=\"https:\/\/aquilifer.at\/index.php\/privacy-policy\/\" \/>\n<meta property=\"og:locale\" content=\"de_DE\" \/>\n<meta property=\"og:type\" content=\"article\" \/>\n<meta property=\"og:title\" content=\"Datenschutzerkl\u00e4rung - Aquilifer GmbH\" \/>\n<meta property=\"og:description\" content=\"Datenschutzerkl\u00e4rung (Information gem\u00e4\u00df Art. 13 und 14 DSGVO) Wir, die Aquilifer GmbH (in dieser Datenschutzerkl\u00e4rung auch kurz (&#8222;AQ&#8220; oder \u201ewir\u201c genannt), sind den Prinzipien des Schutzes personenbezogener Daten und der Datenminimierung verpflichtet. Die Nutzung unseres Webauftritts sowie unsere wissenschaftliche und unternehmerische T\u00e4tigkeit sind im Regelfall mit der Verarbeitung personenbezogener Daten verbunden. Um diese Datenverarbeitungen nachvollziehbar [&hellip;]\" \/>\n<meta property=\"og:url\" content=\"https:\/\/aquilifer.at\/index.php\/privacy-policy\/\" \/>\n<meta property=\"og:site_name\" content=\"Aquilifer GmbH\" \/>\n<meta property=\"article:modified_time\" content=\"2020-01-28T13:42:18+00:00\" \/>\n<meta name=\"twitter:card\" content=\"summary_large_image\" \/>\n<meta name=\"twitter:label1\" content=\"Gesch\u00e4tzte Lesezeit\" \/>\n\t<meta name=\"twitter:data1\" content=\"13\u00a0Minuten\" \/>\n<script type=\"application\/ld+json\" class=\"yoast-schema-graph\">{\"@context\":\"https:\/\/schema.org\",\"@graph\":[{\"@type\":\"WebPage\",\"@id\":\"https:\/\/aquilifer.at\/index.php\/privacy-policy\/\",\"url\":\"https:\/\/aquilifer.at\/index.php\/privacy-policy\/\",\"name\":\"Datenschutzerkl\u00e4rung - Aquilifer GmbH\",\"isPartOf\":{\"@id\":\"https:\/\/aquilifer.at\/#website\"},\"datePublished\":\"2020-01-24T08:00:32+00:00\",\"dateModified\":\"2020-01-28T13:42:18+00:00\",\"breadcrumb\":{\"@id\":\"https:\/\/aquilifer.at\/index.php\/privacy-policy\/#breadcrumb\"},\"inLanguage\":\"de\",\"potentialAction\":[{\"@type\":\"ReadAction\",\"target\":[\"https:\/\/aquilifer.at\/index.php\/privacy-policy\/\"]}]},{\"@type\":\"BreadcrumbList\",\"@id\":\"https:\/\/aquilifer.at\/index.php\/privacy-policy\/#breadcrumb\",\"itemListElement\":[{\"@type\":\"ListItem\",\"position\":1,\"name\":\"Home\",\"item\":\"https:\/\/aquilifer.at\/\"},{\"@type\":\"ListItem\",\"position\":2,\"name\":\"Datenschutzerkl\u00e4rung\"}]},{\"@type\":\"WebSite\",\"@id\":\"https:\/\/aquilifer.at\/#website\",\"url\":\"https:\/\/aquilifer.at\/\",\"name\":\"Aquilifer GmbH\",\"description\":\"\",\"publisher\":{\"@id\":\"https:\/\/aquilifer.at\/#organization\"},\"potentialAction\":[{\"@type\":\"SearchAction\",\"target\":{\"@type\":\"EntryPoint\",\"urlTemplate\":\"https:\/\/aquilifer.at\/?s={search_term_string}\"},\"query-input\":{\"@type\":\"PropertyValueSpecification\",\"valueRequired\":true,\"valueName\":\"search_term_string\"}}],\"inLanguage\":\"de\"},{\"@type\":\"Organization\",\"@id\":\"https:\/\/aquilifer.at\/#organization\",\"name\":\"Aquilifer GmbH\",\"url\":\"https:\/\/aquilifer.at\/\",\"logo\":{\"@type\":\"ImageObject\",\"inLanguage\":\"de\",\"@id\":\"https:\/\/aquilifer.at\/#\/schema\/logo\/image\/\",\"url\":\"https:\/\/aquilifer.at\/wp-content\/uploads\/2020\/01\/AQL-Logo-4c-END.svg\",\"contentUrl\":\"https:\/\/aquilifer.at\/wp-content\/uploads\/2020\/01\/AQL-Logo-4c-END.svg\",\"width\":500,\"height\":135,\"caption\":\"Aquilifer GmbH\"},\"image\":{\"@id\":\"https:\/\/aquilifer.at\/#\/schema\/logo\/image\/\"}}]}<\/script>\n<!-- \/ Yoast SEO plugin. -->","yoast_head_json":{"title":"Datenschutzerkl\u00e4rung - Aquilifer GmbH","robots":{"index":"index","follow":"follow","max-snippet":"max-snippet:-1","max-image-preview":"max-image-preview:large","max-video-preview":"max-video-preview:-1"},"canonical":"https:\/\/aquilifer.at\/index.php\/privacy-policy\/","og_locale":"de_DE","og_type":"article","og_title":"Datenschutzerkl\u00e4rung - Aquilifer GmbH","og_description":"Datenschutzerkl\u00e4rung (Information gem\u00e4\u00df Art. 13 und 14 DSGVO) Wir, die Aquilifer GmbH (in dieser Datenschutzerkl\u00e4rung auch kurz (&#8222;AQ&#8220; oder \u201ewir\u201c genannt), sind den Prinzipien des Schutzes personenbezogener Daten und der Datenminimierung verpflichtet. Die Nutzung unseres Webauftritts sowie unsere wissenschaftliche und unternehmerische T\u00e4tigkeit sind im Regelfall mit der Verarbeitung personenbezogener Daten verbunden. Um diese Datenverarbeitungen nachvollziehbar [&hellip;]","og_url":"https:\/\/aquilifer.at\/index.php\/privacy-policy\/","og_site_name":"Aquilifer GmbH","article_modified_time":"2020-01-28T13:42:18+00:00","twitter_card":"summary_large_image","twitter_misc":{"Gesch\u00e4tzte Lesezeit":"13\u00a0Minuten"},"schema":{"@context":"https:\/\/schema.org","@graph":[{"@type":"WebPage","@id":"https:\/\/aquilifer.at\/index.php\/privacy-policy\/","url":"https:\/\/aquilifer.at\/index.php\/privacy-policy\/","name":"Datenschutzerkl\u00e4rung - Aquilifer GmbH","isPartOf":{"@id":"https:\/\/aquilifer.at\/#website"},"datePublished":"2020-01-24T08:00:32+00:00","dateModified":"2020-01-28T13:42:18+00:00","breadcrumb":{"@id":"https:\/\/aquilifer.at\/index.php\/privacy-policy\/#breadcrumb"},"inLanguage":"de","potentialAction":[{"@type":"ReadAction","target":["https:\/\/aquilifer.at\/index.php\/privacy-policy\/"]}]},{"@type":"BreadcrumbList","@id":"https:\/\/aquilifer.at\/index.php\/privacy-policy\/#breadcrumb","itemListElement":[{"@type":"ListItem","position":1,"name":"Home","item":"https:\/\/aquilifer.at\/"},{"@type":"ListItem","position":2,"name":"Datenschutzerkl\u00e4rung"}]},{"@type":"WebSite","@id":"https:\/\/aquilifer.at\/#website","url":"https:\/\/aquilifer.at\/","name":"Aquilifer GmbH","description":"","publisher":{"@id":"https:\/\/aquilifer.at\/#organization"},"potentialAction":[{"@type":"SearchAction","target":{"@type":"EntryPoint","urlTemplate":"https:\/\/aquilifer.at\/?s={search_term_string}"},"query-input":{"@type":"PropertyValueSpecification","valueRequired":true,"valueName":"search_term_string"}}],"inLanguage":"de"},{"@type":"Organization","@id":"https:\/\/aquilifer.at\/#organization","name":"Aquilifer GmbH","url":"https:\/\/aquilifer.at\/","logo":{"@type":"ImageObject","inLanguage":"de","@id":"https:\/\/aquilifer.at\/#\/schema\/logo\/image\/","url":"https:\/\/aquilifer.at\/wp-content\/uploads\/2020\/01\/AQL-Logo-4c-END.svg","contentUrl":"https:\/\/aquilifer.at\/wp-content\/uploads\/2020\/01\/AQL-Logo-4c-END.svg","width":500,"height":135,"caption":"Aquilifer GmbH"},"image":{"@id":"https:\/\/aquilifer.at\/#\/schema\/logo\/image\/"}}]}},"_links":{"self":[{"href":"https:\/\/aquilifer.at\/index.php\/wp-json\/wp\/v2\/pages\/3","targetHints":{"allow":["GET"]}}],"collection":[{"href":"https:\/\/aquilifer.at\/index.php\/wp-json\/wp\/v2\/pages"}],"about":[{"href":"https:\/\/aquilifer.at\/index.php\/wp-json\/wp\/v2\/types\/page"}],"author":[{"embeddable":true,"href":"https:\/\/aquilifer.at\/index.php\/wp-json\/wp\/v2\/users\/1"}],"replies":[{"embeddable":true,"href":"https:\/\/aquilifer.at\/index.php\/wp-json\/wp\/v2\/comments?post=3"}],"version-history":[{"count":7,"href":"https:\/\/aquilifer.at\/index.php\/wp-json\/wp\/v2\/pages\/3\/revisions"}],"predecessor-version":[{"id":178,"href":"https:\/\/aquilifer.at\/index.php\/wp-json\/wp\/v2\/pages\/3\/revisions\/178"}],"wp:attachment":[{"href":"https:\/\/aquilifer.at\/index.php\/wp-json\/wp\/v2\/media?parent=3"}],"curies":[{"name":"wp","href":"https:\/\/api.w.org\/{rel}","templated":true}]}}